{"id":35,"date":"2022-11-06T13:15:20","date_gmt":"2022-11-06T16:15:20","guid":{"rendered":"https:\/\/www.prayandfaith.com\/fale-conosco-cloned-at-2022-11-06-161709\/"},"modified":"2026-08-14T15:04:22","modified_gmt":"2026-08-14T18:04:22","slug":"condiciones-de-uso","status":"publish","type":"page","link":"https:\/\/www.prayandfaith.com\/es\/termos-de-uso\/","title":{"rendered":"Condiciones de uso"},"content":{"rendered":"<p>Al acceder al sitio web <a href=\"https:\/\/www.prayandfaith.com\/es\/\">Oraci\u00f3n y fe<\/a>, se compromete a cumplir con estos t\u00e9rminos de servicio, todas las leyes y<br \/>\nUsted acepta todas las regulaciones aplicables y es responsable del cumplimiento de todas las leyes locales aplicables. Si no acepta alguno de estos t\u00e9rminos, se le proh\u00edbe usar o acceder a este sitio. Los materiales contenidos en este sitio web est\u00e1n protegidos por las leyes aplicables de derechos de autor y marcas registradas.<\/p>\n<h2>Licencia de uso<\/h2>\n<p>Se concede permiso para descargar temporalmente una copia de los materiales (informaci\u00f3n o software) del sitio web de Pray and Faith \u00fanicamente para visualizaci\u00f3n personal, no comercial y transitoria. Esta es la concesi\u00f3n de<br \/>\nEsta es una licencia, no una transferencia de t\u00edtulo, y bajo esta licencia usted no puede:<\/p>\n<p>modificar o copiar los materiales; usar los materiales para cualquier prop\u00f3sito comercial o para exhibici\u00f3n p\u00fablica (comercial o no comercial); intentar descompilar o aplicar ingenier\u00eda inversa a cualquier software contenido en el sitio web Pray and Faith; eliminar cualquier derecho de autor u otras notaciones de propiedad de los materiales; o transferir los materiales a otra persona o \u2018duplicar\u2019 los materiales en cualquier otro servidor.<\/p>\n<p>Esta licencia se rescindir\u00e1 autom\u00e1ticamente si usted viola cualquiera de estas restricciones y Pray and Faith podr\u00e1 rescindirla en cualquier momento. Al finalizar la visualizaci\u00f3n de estos materiales o al rescindirse esta licencia, deber\u00e1 destruir todos los materiales descargados que tenga en su poder, ya sea en formato electr\u00f3nico o impreso.<\/p>\n<h2>Descargo de responsabilidad<\/h2>\n<p>Los materiales en el sitio web de Pray and Faith se proporcionan \u2018tal cual\u2019. Pray and Faith no ofrece garant\u00edas, expresas o impl\u00edcitas, y por la presente renuncia y niega todas las dem\u00e1s garant\u00edas, incluidas, entre otras, garant\u00edas impl\u00edcitas o condiciones de comerciabilidad, idoneidad para un prop\u00f3sito particular o no infracci\u00f3n de la propiedad intelectual u otra violaci\u00f3n de derechos. Adem\u00e1s, Pray and Faith no garantiza ni hace ninguna representaci\u00f3n con respecto a la precisi\u00f3n, los resultados probables o la confiabilidad del uso de los materiales en su sitio web o de otra manera relacionados con dichos materiales o en sitios vinculados a este sitio.<\/p>\n<h2>Limitaciones<\/h2>\n<p>En ning\u00fan caso, Pray and Faith ni sus proveedores ser\u00e1n responsables de ning\u00fan da\u00f1o (incluyendo, sin limitaci\u00f3n, da\u00f1os por p\u00e9rdida de datos o beneficios, o debido a la interrupci\u00f3n del negocio) que surja del uso o la imposibilidad de usar los materiales del sitio web de Pray and Faith, incluso si Pray and Faith o un representante autorizado de Pray and Faith ha sido notificado oralmente o por escrito de la posibilidad de dichos da\u00f1os. Dado que algunas jurisdicciones no permiten limitaciones a las garant\u00edas impl\u00edcitas ni limitaciones de responsabilidad por da\u00f1os consecuentes o incidentales, es posible que estas limitaciones no le sean aplicables.<\/p>\n<h2>Precisi\u00f3n de los materiales<\/h2>\n<p>Los materiales publicados en el sitio web de Pray and Faith pueden contener errores t\u00e9cnicos, tipogr\u00e1ficos o fotogr\u00e1ficos. Pray and Faith no garantiza que el material de su sitio web sea preciso, completo o actual.<br \/>\nFaith podr\u00e1 modificar los materiales de su sitio web en cualquier momento sin previo aviso. Sin embargo, Pray and Faith no se compromete a actualizarlos.<\/p>\n<h2>Campo de golf<\/h2>\n<p>Pray and Faith no ha revisado todos los sitios enlazados a su sitio web y no se responsabiliza del contenido de ninguno de ellos. La inclusi\u00f3n de un enlace no implica la aprobaci\u00f3n del sitio por parte de Pray and Faith. El uso de dichos sitios web enlazados es bajo el propio riesgo del usuario.<\/p>\n<h3>Modificaciones<\/h3>\n<p>Pray and Faith podr\u00e1 modificar los t\u00e9rminos de servicio de este sitio web en cualquier momento sin previo aviso. Al utilizar este sitio web, usted acepta la versi\u00f3n vigente de estos t\u00e9rminos de servicio.<\/p>\n<h3>Ley aplicable<\/h3>\n<p>Estos t\u00e9rminos y condiciones se rigen e interpretan de conformidad con las leyes de Pray and Faith, y usted se somete irrevocablemente a la jurisdicci\u00f3n exclusiva de los tribunales de ese estado o localidad.<\/p>\n<section id=\"amb-administradora\">\n<h2>Identificaci\u00f3n del administrador<\/h2>\n<p>Este sitio es administrado por <strong>AMB SOLUCI\u00d3N DIGITAL LLC<\/strong>, EIN <strong>37-2110748<\/strong>, con direcci\u00f3n en <strong>1549 NE 123RD ST, NORTH MIAMI, FL 33161-6029, Estados Unidos<\/strong>.<\/p>\n<p>Para cualquier consulta relacionada con la privacidad, el contenido, la publicidad o el uso del sitio, utilice el canal disponible en la p\u00e1gina. <a href=\"\/es\/contactanos\/\">Cont\u00e1ctenos<\/a>.<\/p>\n<\/section>\n<p><!-- amb-administradora-v1 --><\/p>","protected":false},"excerpt":{"rendered":"<p>Al acceder al sitio web de Oraci\u00f3n y Fe, usted acepta cumplir con estos t\u00e9rminos de servicio, todas las leyes y regulaciones aplicables, y se responsabiliza del cumplimiento de todas las leyes locales aplicables. Si no acepta alguno de estos t\u00e9rminos, se le proh\u00edbe usar o acceder a este sitio. Los materiales contenidos en este sitio web son\u2026&nbsp;<\/p>","protected":false},"author":1,"featured_media":0,"parent":0,"menu_order":0,"comment_status":"closed","ping_status":"closed","template":"","meta":{"neve_meta_sidebar":"","neve_meta_container":"","neve_meta_enable_content_width":"","neve_meta_content_width":0,"neve_meta_title_alignment":"","neve_meta_author_avatar":"","neve_post_elements_order":"","neve_meta_disable_header":"","neve_meta_disable_footer":"","neve_meta_disable_title":"","footnotes":""},"class_list":["post-35","page","type-page","status-publish","hentry"],"yoast_head":"<!-- This site is optimized with the Yoast SEO plugin v28.3 - https:\/\/yoast.com\/product\/yoast-seo-wordpress\/ -->\n<title>Termos de Uso - Ora\u00e7\u00e3o e F\u00e9<\/title>\n<meta name=\"robots\" content=\"index, follow, max-snippet:-1, max-image-preview:large, max-video-preview:-1\" \/>\n<link rel=\"canonical\" href=\"https:\/\/www.prayandfaith.com\/es\/condiciones-de-uso\/\" \/>\n<meta property=\"og:locale\" content=\"es_ES\" \/>\n<meta property=\"og:type\" content=\"article\" \/>\n<meta property=\"og:title\" content=\"Termos de Uso - Ora\u00e7\u00e3o e F\u00e9\" \/>\n<meta property=\"og:description\" content=\"Ao acessar ao site Pray and Faith, concorda em cumprir estes termos de servi\u00e7o, todas as leis e regulamentos aplic\u00e1veis \u200b\u200be concorda que \u00e9 respons\u00e1vel pelo cumprimento de todas as leis locais aplic\u00e1veis. Se voc\u00ea n\u00e3o concordar com algum desses termos, est\u00e1 proibido de usar ou acessar este site. Os materiais contidos neste site s\u00e3o&hellip;&nbsp;\" \/>\n<meta property=\"og:url\" content=\"https:\/\/www.prayandfaith.com\/es\/condiciones-de-uso\/\" \/>\n<meta property=\"og:site_name\" content=\"Ora\u00e7\u00e3o e F\u00e9\" \/>\n<meta property=\"article:modified_time\" content=\"2026-08-14T18:04:22+00:00\" \/>\n<meta name=\"twitter:card\" content=\"summary_large_image\" \/>\n<meta name=\"twitter:label1\" content=\"Tiempo de lectura\" \/>\n\t<meta name=\"twitter:data1\" content=\"1 minuto\" \/>\n<script type=\"application\/ld+json\" class=\"yoast-schema-graph\">{\"@context\":\"https:\\\/\\\/schema.org\",\"@graph\":[{\"@type\":\"WebPage\",\"@id\":\"https:\\\/\\\/www.prayandfaith.com\\\/termos-de-uso\\\/\",\"url\":\"https:\\\/\\\/www.prayandfaith.com\\\/termos-de-uso\\\/\",\"name\":\"Termos de Uso - Ora\u00e7\u00e3o e F\u00e9\",\"isPartOf\":{\"@id\":\"https:\\\/\\\/www.prayandfaith.com\\\/#website\"},\"datePublished\":\"2022-11-06T16:15:20+00:00\",\"dateModified\":\"2026-08-14T18:04:22+00:00\",\"breadcrumb\":{\"@id\":\"https:\\\/\\\/www.prayandfaith.com\\\/termos-de-uso\\\/#breadcrumb\"},\"inLanguage\":\"es\",\"potentialAction\":[{\"@type\":\"ReadAction\",\"target\":[\"https:\\\/\\\/www.prayandfaith.com\\\/termos-de-uso\\\/\"]}]},{\"@type\":\"BreadcrumbList\",\"@id\":\"https:\\\/\\\/www.prayandfaith.com\\\/termos-de-uso\\\/#breadcrumb\",\"itemListElement\":[{\"@type\":\"ListItem\",\"position\":1,\"name\":\"In\u00edcio\",\"item\":\"https:\\\/\\\/www.prayandfaith.com\\\/\"},{\"@type\":\"ListItem\",\"position\":2,\"name\":\"Termos de Uso\"}]},{\"@type\":\"WebSite\",\"@id\":\"https:\\\/\\\/www.prayandfaith.com\\\/#website\",\"url\":\"https:\\\/\\\/www.prayandfaith.com\\\/\",\"name\":\"PrayandFaith\",\"description\":\"O poder da Ora\u00e7\u00e3o e da F\u00e9\",\"publisher\":{\"@id\":\"https:\\\/\\\/www.prayandfaith.com\\\/#organization\"},\"potentialAction\":[{\"@type\":\"SearchAction\",\"target\":{\"@type\":\"EntryPoint\",\"urlTemplate\":\"https:\\\/\\\/www.prayandfaith.com\\\/?s={search_term_string}\"},\"query-input\":{\"@type\":\"PropertyValueSpecification\",\"valueRequired\":true,\"valueName\":\"search_term_string\"}}],\"inLanguage\":\"es\"},{\"@type\":\"Organization\",\"@id\":\"https:\\\/\\\/www.prayandfaith.com\\\/#organization\",\"name\":\"PrayandFaith\",\"url\":\"https:\\\/\\\/www.prayandfaith.com\\\/\",\"logo\":{\"@type\":\"ImageObject\",\"inLanguage\":\"es\",\"@id\":\"https:\\\/\\\/www.prayandfaith.com\\\/#\\\/schema\\\/logo\\\/image\\\/\",\"url\":\"https:\\\/\\\/www.prayandfaith.com\\\/wp-content\\\/uploads\\\/2025\\\/01\\\/cropped-pray-and-faith-1.jpg\",\"contentUrl\":\"https:\\\/\\\/www.prayandfaith.com\\\/wp-content\\\/uploads\\\/2025\\\/01\\\/cropped-pray-and-faith-1.jpg\",\"width\":400,\"height\":80,\"caption\":\"PrayandFaith\"},\"image\":{\"@id\":\"https:\\\/\\\/www.prayandfaith.com\\\/#\\\/schema\\\/logo\\\/image\\\/\"}}]}<\/script>\n<!-- \/ Yoast SEO plugin. -->","yoast_head_json":{"title":"Condiciones de uso - Oraci\u00f3n y Fe","robots":{"index":"index","follow":"follow","max-snippet":"max-snippet:-1","max-image-preview":"max-image-preview:large","max-video-preview":"max-video-preview:-1"},"canonical":"https:\/\/www.prayandfaith.com\/es\/condiciones-de-uso\/","og_locale":"es_ES","og_type":"article","og_title":"Termos de Uso - Ora\u00e7\u00e3o e F\u00e9","og_description":"Ao acessar ao site Pray and Faith, concorda em cumprir estes termos de servi\u00e7o, todas as leis e regulamentos aplic\u00e1veis \u200b\u200be concorda que \u00e9 respons\u00e1vel pelo cumprimento de todas as leis locais aplic\u00e1veis. Se voc\u00ea n\u00e3o concordar com algum desses termos, est\u00e1 proibido de usar ou acessar este site. Os materiais contidos neste site s\u00e3o&hellip;&nbsp;","og_url":"https:\/\/www.prayandfaith.com\/es\/condiciones-de-uso\/","og_site_name":"Ora\u00e7\u00e3o e F\u00e9","article_modified_time":"2026-08-14T18:04:22+00:00","twitter_card":"summary_large_image","twitter_misc":{"Tiempo de lectura":"1 minuto"},"schema":{"@context":"https:\/\/schema.org","@graph":[{"@type":"WebPage","@id":"https:\/\/www.prayandfaith.com\/termos-de-uso\/","url":"https:\/\/www.prayandfaith.com\/termos-de-uso\/","name":"Condiciones de uso - Oraci\u00f3n y Fe","isPartOf":{"@id":"https:\/\/www.prayandfaith.com\/#website"},"datePublished":"2022-11-06T16:15:20+00:00","dateModified":"2026-08-14T18:04:22+00:00","breadcrumb":{"@id":"https:\/\/www.prayandfaith.com\/termos-de-uso\/#breadcrumb"},"inLanguage":"es","potentialAction":[{"@type":"ReadAction","target":["https:\/\/www.prayandfaith.com\/termos-de-uso\/"]}]},{"@type":"BreadcrumbList","@id":"https:\/\/www.prayandfaith.com\/termos-de-uso\/#breadcrumb","itemListElement":[{"@type":"ListItem","position":1,"name":"In\u00edcio","item":"https:\/\/www.prayandfaith.com\/"},{"@type":"ListItem","position":2,"name":"Termos de Uso"}]},{"@type":"WebSite","@id":"https:\/\/www.prayandfaith.com\/#website","url":"https:\/\/www.prayandfaith.com\/","name":"Oraci\u00f3n y fe","description":"El poder de la oraci\u00f3n y la fe","publisher":{"@id":"https:\/\/www.prayandfaith.com\/#organization"},"potentialAction":[{"@type":"SearchAction","target":{"@type":"EntryPoint","urlTemplate":"https:\/\/www.prayandfaith.com\/?s={search_term_string}"},"query-input":{"@type":"PropertyValueSpecification","valueRequired":true,"valueName":"search_term_string"}}],"inLanguage":"es"},{"@type":"Organization","@id":"https:\/\/www.prayandfaith.com\/#organization","name":"Oraci\u00f3n y fe","url":"https:\/\/www.prayandfaith.com\/","logo":{"@type":"ImageObject","inLanguage":"es","@id":"https:\/\/www.prayandfaith.com\/#\/schema\/logo\/image\/","url":"https:\/\/www.prayandfaith.com\/wp-content\/uploads\/2025\/01\/cropped-pray-and-faith-1.jpg","contentUrl":"https:\/\/www.prayandfaith.com\/wp-content\/uploads\/2025\/01\/cropped-pray-and-faith-1.jpg","width":400,"height":80,"caption":"PrayandFaith"},"image":{"@id":"https:\/\/www.prayandfaith.com\/#\/schema\/logo\/image\/"}}]}},"_links":{"self":[{"href":"https:\/\/www.prayandfaith.com\/es\/wp-json\/wp\/v2\/pages\/35","targetHints":{"allow":["GET"]}}],"collection":[{"href":"https:\/\/www.prayandfaith.com\/es\/wp-json\/wp\/v2\/pages"}],"about":[{"href":"https:\/\/www.prayandfaith.com\/es\/wp-json\/wp\/v2\/types\/page"}],"author":[{"embeddable":true,"href":"https:\/\/www.prayandfaith.com\/es\/wp-json\/wp\/v2\/users\/1"}],"replies":[{"embeddable":true,"href":"https:\/\/www.prayandfaith.com\/es\/wp-json\/wp\/v2\/comments?post=35"}],"version-history":[{"count":6,"href":"https:\/\/www.prayandfaith.com\/es\/wp-json\/wp\/v2\/pages\/35\/revisions"}],"predecessor-version":[{"id":2370,"href":"https:\/\/www.prayandfaith.com\/es\/wp-json\/wp\/v2\/pages\/35\/revisions\/2370"}],"wp:attachment":[{"href":"https:\/\/www.prayandfaith.com\/es\/wp-json\/wp\/v2\/media?parent=35"}],"curies":[{"name":"gracias","href":"https:\/\/api.w.org\/{rel}","templated":true}]}}